{"id":86,"date":"2018-02-01T12:15:42","date_gmt":"2018-02-01T11:15:42","guid":{"rendered":"http:\/\/amrumferien-nebel.de\/v2018\/?page_id=86"},"modified":"2026-04-23T14:13:19","modified_gmt":"2026-04-23T12:13:19","slug":"nei-stich-27-whg-4-4-personen","status":"publish","type":"page","link":"https:\/\/amrumferien-nebel.de\/?page_id=86","title":{"rendered":"Norddorf &#8211; Nei Stich 27 &#8211; Wohnung 4 im Haus 2 f\u00fcr 4 Personen"},"content":{"rendered":"<p><img decoding=\"async\" class=\"alignnone size-full wp-image-508\" src=\"https:\/\/amrumferien-nebel.de\/v2018\/wp-content\/uploads\/2018\/02\/friesenhof_haus2.jpg\" alt=\"\" width=\"100%\" height=\"auto\" srcset=\"https:\/\/amrumferien-nebel.de\/v2018\/wp-content\/uploads\/2018\/02\/friesenhof_haus2.jpg 3000w, https:\/\/amrumferien-nebel.de\/v2018\/wp-content\/uploads\/2018\/02\/friesenhof_haus2-300x188.jpg 300w, https:\/\/amrumferien-nebel.de\/v2018\/wp-content\/uploads\/2018\/02\/friesenhof_haus2-768x481.jpg 768w, https:\/\/amrumferien-nebel.de\/v2018\/wp-content\/uploads\/2018\/02\/friesenhof_haus2-1024x642.jpg 1024w\" sizes=\"(max-width: 3000px) 100vw, 3000px\" \/><\/p>\n<pre>Eine 4 Personen Ferienwohnung im ca. 3000 qm gro\u00dfen Friesenhof mit zwei Geb\u00e4udeteilen und insgesamt 8 Ferienwohnungen.\n\nDie Wohnung 4 liegt im Dachgeschoss von Haus 2 und wird \u00fcber ein gemeinsames Treppenhaus mit der Nachbarwohnung vom Hof aus erschlossen. \nZur Wohnung geh\u00f6ren ein Balkon und ein separater Gartenbereich.\n\nWohnzimmer\/Essplatz, integrierte K\u00fcche, 2 Schlafzimmer, Garderobe und Bad. Vom DTV mit <small>\u2605\u2605\u2605\u2605<\/small> ausgezeichnet. \n\nDas im Januar 2014 fertiggestellte Ensemble liegt am \u00f6stlichen Ortsrand von Norddorf in ruhiger Lage und wird \u00fcber einen ca. 50m langen Zuweg erschlossen.<\/pre>\n<p><script>\nwindow.TWEBSHOP = {\nconfig: 'GER00020060791783188_ger',\nlanguage: 'de',\ntheme: {\nsticky: {\noffset: 80,\nzIndex: 1\n}\n}\n}\n<\/script><\/p>\n<style>\n#twebshop {\n--tw-button-color: #bc2967;\n--tw-button-text-color: #fff;\n--tw-button-price-color: #2e921d;\n--tw-button-price-text-color: #fff;\n--tw-box-color: #1d6bb1;\n--tw-box-text-color: #fff;\n--tw-booking-color: #c4c4c4;\n--tw-booking-text-color: #333;\n}\n<\/style>\n<p><tws-accommodation-calendar-service data-id=\"GER00020060791784275\"><\/tws-accommodation-calendar-service><br \/>\n<script src=\"https:\/\/twebshop.tomas-travel.com\/app\/accommodation\/calendar\/app.js\"><\/script><\/p>\n<p>&nbsp;<\/p>\n<h4><a href=\"https:\/\/amrumferien-nebel.de\/v2018\/wp-content\/uploads\/2018\/02\/friesenhaus_wohn.jpg\"><img loading=\"lazy\" decoding=\"async\" class=\"alignleft wp-image-510\" style=\"margin-bottom: 40px;\" src=\"https:\/\/amrumferien-nebel.de\/v2018\/wp-content\/uploads\/2018\/02\/friesenhaus_wohn-300x195.jpg\" alt=\"\" width=\"300\" height=\"195\" srcset=\"https:\/\/amrumferien-nebel.de\/v2018\/wp-content\/uploads\/2018\/02\/friesenhaus_wohn-300x195.jpg 300w, https:\/\/amrumferien-nebel.de\/v2018\/wp-content\/uploads\/2018\/02\/friesenhaus_wohn-768x499.jpg 768w, https:\/\/amrumferien-nebel.de\/v2018\/wp-content\/uploads\/2018\/02\/friesenhaus_wohn-1024x666.jpg 1024w\" sizes=\"auto, (max-width: 300px) 100vw, 300px\" \/><\/a><\/h4>\n<h4>Allgemeines<\/h4>\n<p>Ca. 60 qm Wohnfl\u00e4che \u00fcber zwei Ebenen f\u00fcr 4 Personen,<br \/>\nDachgeschoss mit Wohnraum, Schlafraum, Flur und Bad,<br \/>\nSpitzboden mit Schlafkammer und Galerieebene mit Futon und kleinem Schreibtsich, Breitband-Internetzugang&nbsp;\u00fcber WLAN,&nbsp;Telefon mit Flatrate f\u00fcr Telefongespr\u00e4che im Festnetz ist kostenfrei,&nbsp;Zentralheizung mit Fu\u00dfbodenheizung im Bad,&nbsp;Nichtraucherwohnung, keine Haustiere!<\/p>\n<h4><a href=\"https:\/\/amrumferien-nebel.de\/v2018\/wp-content\/uploads\/2018\/07\/neistich_27_haus4_wohnbereich2.jpg\"><img loading=\"lazy\" decoding=\"async\" class=\"alignleft wp-image-510\" style=\"margin-bottom: 40px;\" src=\"https:\/\/amrumferien-nebel.de\/v2018\/wp-content\/uploads\/2018\/07\/neistich_27_haus4_wohnbereich2-300x200.jpg\" alt=\"\" width=\"300\" height=\"200\"><\/a>Wohnraum \/&nbsp;Esszimmer \/&nbsp;K\u00fcche integriert<\/h4>\n<p>Gem\u00fctliche Sitzgelegenheiten f\u00fcr&nbsp;4 Personen,&nbsp;Sofa, 2 Sessel,<br \/>\nKamin,&nbsp;Satelliten-TV,&nbsp;Stereoanlage im Fernseher integriert, &#8222;blue ray&#8220;&nbsp;DVD\/CD-Player, Esstisch&nbsp;f\u00fcr 4-6 Personen, Kinderhochstuhl, Herd (Cerankochfeld) mit Dunstabzug,<br \/>\nBackofen&nbsp;mit&nbsp;Umluft,&nbsp;K\u00fchlschrank mit Gefrierfach,&nbsp;Geschirrsp\u00fclmaschine, Mikrowelle,&nbsp;Toaster,&nbsp;Kaffeemaschine,&nbsp;Wasserkocher, R\u00fchrger\u00e4t,&nbsp;B\u00fcgelbrett, B\u00fcgeleisen<\/p>\n<h4><a href=\"https:\/\/amrumferien-nebel.de\/v2018\/wp-content\/uploads\/2018\/07\/neistich_27_haus4_galerie.jpg\"><img loading=\"lazy\" decoding=\"async\" class=\"alignleft size-medium wp-image-526\" style=\"margin-bottom: 30px;\" src=\"https:\/\/amrumferien-nebel.de\/v2018\/wp-content\/uploads\/2018\/07\/neistich_27_haus4_galerie-300x199.jpg\" alt=\"\" width=\"300\" height=\"199\"><\/a>Galerie<\/h4>\n<p>Gro\u00dfz\u00fcgige, zum Wohnbereich offene<br \/>\nGalerieebene&nbsp;mit zweiter Sitz- und<br \/>\nLiegem\u00f6glichkeit&nbsp;als&nbsp;R\u00fcckzugsbereich<br \/>\nzum Lesen oder&nbsp;Entspannen<br \/>\n(Futon 1,4 x 2m), kleiner&nbsp;Arbeitsplatz,<br \/>\nzweites&nbsp;Schlafzimmer&nbsp;als&nbsp;kleine<br \/>\nKammer mit&nbsp;Sichtverbindungsm\u00f6glichkeit<br \/>\nzum&nbsp;Wohnraum<\/p>\n<h4><a href=\"https:\/\/amrumferien-nebel.de\/v2018\/wp-content\/uploads\/2018\/02\/friesenhaus_schlafen.jpg\"><img loading=\"lazy\" decoding=\"async\" class=\"alignleft size-medium wp-image-532\" style=\"margin-bottom: 30px;\" src=\"https:\/\/amrumferien-nebel.de\/v2018\/wp-content\/uploads\/2018\/02\/friesenhaus_schlafen-300x200.jpg\" alt=\"\" width=\"300\" height=\"200\" srcset=\"https:\/\/amrumferien-nebel.de\/v2018\/wp-content\/uploads\/2018\/02\/friesenhaus_schlafen-300x200.jpg 300w, https:\/\/amrumferien-nebel.de\/v2018\/wp-content\/uploads\/2018\/02\/friesenhaus_schlafen-768x512.jpg 768w, https:\/\/amrumferien-nebel.de\/v2018\/wp-content\/uploads\/2018\/02\/friesenhaus_schlafen-1024x683.jpg 1024w\" sizes=\"auto, (max-width: 300px) 100vw, 300px\" \/><\/a>Schlafzimmer<\/h4>\n<p>1 Schlafzimmer im Dachgeschoss mit<br \/>\nDoppelbett&nbsp;(1,80 m x 2,00 m),<br \/>\n1 Schlafkammer auf der Galerie mit<br \/>\nDoppelbett&nbsp;(1,60 x 2,00 m),<br \/>\nKleinkinderbett mit Matratze<br \/>\nund Bettzeug (bis 2 J.) ist&nbsp;vorhanden,<br \/>\nBettw\u00e4sche und Handt\u00fccher werden gestellt<\/p>\n<h4><a href=\"https:\/\/amrumferien-nebel.de\/v2018\/wp-content\/uploads\/2018\/02\/friesenhaus_galerie.jpg\"><img loading=\"lazy\" decoding=\"async\" class=\"alignleft size-medium wp-image-526\" style=\"margin-bottom: 30px;\" src=\"https:\/\/amrumferien-nebel.de\/v2018\/wp-content\/uploads\/2018\/02\/friesenhaus_galerie-300-253.jpg\" alt=\"\" width=\"300\" height=\"225\"><\/a>Badezimmer<\/h4>\n<p>Badezimmer im Dachgeschoss mit Fu\u00dfbodenheizung,<br \/>\nDusche, Badewanne, Waschbecken, WC,<br \/>\nHandtuchheizk\u00f6rper<\/p>\n<h4>Au\u00dfenbereich<\/h4>\n<p>Garten: separater Bereich mit 2 Gartenliegen<br \/>\nund Strandkorb,&nbsp;Balkon mit kleinem Tisch<br \/>\nund 4 Korbgeflechtsesseln,<br \/>\nParkplatz,&nbsp;Fahrradst\u00e4nder<\/p>\n<h4><\/h4>\n<h4><a href=\"https:\/\/amrumferien-nebel.de\/v2018\/wp-content\/uploads\/2018\/07\/neistich_27_haus4_galerie2.jpg\"><img loading=\"lazy\" decoding=\"async\" class=\"alignleft size-medium wp-image-526\" style=\"margin-bottom: 30px;\" src=\"https:\/\/amrumferien-nebel.de\/v2018\/wp-content\/uploads\/2018\/07\/neistich_27_haus4_galerie2-300x200.jpg\" alt=\"\" width=\"300\" height=\"200\"><\/a>Keller<\/h4>\n<p>Wasch- und Trockenraum im Heizkeller,&nbsp;Waschmaschine und Trockner mit M\u00fcnzautomat,&nbsp;Abstellm\u00f6glichkeit f\u00fcr<br \/>\nKinderwagen<\/p>\n<p>&nbsp;<\/p>\n<p>&nbsp;<\/p>\n<h4><a href=\"https:\/\/amrumferien-nebel.de\/v2018\/wp-content\/uploads\/2018\/02\/friesenhaus_bad2.jpg\"><img loading=\"lazy\" decoding=\"async\" class=\"alignleft wp-image-514\" style=\"margin-bottom: 80px;\" src=\"https:\/\/amrumferien-nebel.de\/v2018\/wp-content\/uploads\/2018\/02\/friesenhaus_bad2-225x300.jpg\" alt=\"\" width=\"300\" height=\"400\" srcset=\"https:\/\/amrumferien-nebel.de\/v2018\/wp-content\/uploads\/2018\/02\/friesenhaus_bad2-225x300.jpg 225w, https:\/\/amrumferien-nebel.de\/v2018\/wp-content\/uploads\/2018\/02\/friesenhaus_bad2.jpg 638w\" sizes=\"auto, (max-width: 300px) 100vw, 300px\" \/><\/a>Preise<\/h4>\n<p><strong>Saison A (12.06. &#8211; 19.09. \/ 20.12. &#8211; 07.01.)<\/strong><br \/>\nerster Tag 300 EUR*,&nbsp;ab dem zweiten Tag 180 EUR pro Tag<br \/>\n<strong>Saison B (01.03. &#8211; 11.06. \/ 20.09. &#8211; 31.10.)<\/strong><br \/>\nerster Tag 275 EUR*,&nbsp;ab dem zweiten Tag 155 EUR pro Tag<br \/>\n(bei max 2 Personen, erster Tag 245 EUR*,<br \/>\ndann je 125 EUR\/Tag)<br \/>\n<strong>Saison C (08.01. &#8211; 28.02. \/ 01.11. &#8211; 19.12.)<\/strong><br \/>\nerster Tag 235 EUR*,&nbsp;ab dem zweiten Tag 115 EUR pro Tag<br \/>\n(bei max 2 Personen, erster Tag 210 EUR*,<br \/>\ndann je 90 EUR\/Tag)<\/p>\n<p>In der Hauptsaison Vermietung&nbsp;nur wochenweise bzw. mind. 7&nbsp;Tage; im Winter nach Absprache; sonst Mindestmietdauer 5 \u00dcbernachtungen. Vorauszahlung von 50,- EUR pro&nbsp;Person bei Vertragsabschluss<\/p>\n<p>*Inklusive Endreinigung<\/p>\n<h4><a href=\"https:\/\/amrumferien-nebel.de\/v2018\/wp-content\/uploads\/2018\/02\/friesenhaus_2_gartenseite.jpg\"><img loading=\"lazy\" decoding=\"async\" class=\"alignleft size-medium wp-image-534\" style=\"margin-bottom: 30px;\" src=\"https:\/\/amrumferien-nebel.de\/v2018\/wp-content\/uploads\/2018\/02\/friesenhaus_2_gartenseite-300x200.jpg\" alt=\"\" width=\"300\" height=\"200\" srcset=\"https:\/\/amrumferien-nebel.de\/v2018\/wp-content\/uploads\/2018\/02\/friesenhaus_2_gartenseite-300x200.jpg 300w, https:\/\/amrumferien-nebel.de\/v2018\/wp-content\/uploads\/2018\/02\/friesenhaus_2_gartenseite-768x512.jpg 768w, https:\/\/amrumferien-nebel.de\/v2018\/wp-content\/uploads\/2018\/02\/friesenhaus_2_gartenseite-1024x683.jpg 1024w\" sizes=\"auto, (max-width: 300px) 100vw, 300px\" \/><\/a>Nebenkosten:<\/h4>\n<p>Telefonnutzung ins deutsche Festnetz ist kostenfrei,<br \/>\nKurabgabe 1,80 &#8211; 3,50 Eur pro Person und Tag<br \/>\nBettw\u00e4sche Pro Person 16,00 \u20ac<\/p>\n","protected":false},"excerpt":{"rendered":"<div class=\"entry-summary\">\nEine 4 Personen Ferienwohnung im ca. 3000 qm gro\u00dfen Friesenhof mit zwei Geb\u00e4udeteilen und insgesamt 8 Ferienwohnungen. Die Wohnung 4&hellip;\n<\/div>\n<div class=\"link-more\"><a href=\"https:\/\/amrumferien-nebel.de\/?page_id=86\" class=\"more-link\">Continue reading<span class=\"screen-reader-text\"> &ldquo;Norddorf &#8211; Nei Stich 27 &#8211; Wohnung 4 im Haus 2 f\u00fcr 4 Personen&rdquo;<\/span>&hellip;<\/a><\/div>\n","protected":false},"author":1,"featured_media":0,"parent":2,"menu_order":8,"comment_status":"closed","ping_status":"closed","template":"","meta":{"_acf_changed":false,"footnotes":""},"class_list":["post-86","page","type-page","status-publish","hentry","entry"],"acf":[],"jetpack_shortlink":"https:\/\/wp.me\/P9Ii4n-1o","jetpack_sharing_enabled":true,"_links":{"self":[{"href":"https:\/\/amrumferien-nebel.de\/index.php?rest_route=\/wp\/v2\/pages\/86","targetHints":{"allow":["GET"]}}],"collection":[{"href":"https:\/\/amrumferien-nebel.de\/index.php?rest_route=\/wp\/v2\/pages"}],"about":[{"href":"https:\/\/amrumferien-nebel.de\/index.php?rest_route=\/wp\/v2\/types\/page"}],"author":[{"embeddable":true,"href":"https:\/\/amrumferien-nebel.de\/index.php?rest_route=\/wp\/v2\/users\/1"}],"replies":[{"embeddable":true,"href":"https:\/\/amrumferien-nebel.de\/index.php?rest_route=%2Fwp%2Fv2%2Fcomments&post=86"}],"version-history":[{"count":10,"href":"https:\/\/amrumferien-nebel.de\/index.php?rest_route=\/wp\/v2\/pages\/86\/revisions"}],"predecessor-version":[{"id":1824,"href":"https:\/\/amrumferien-nebel.de\/index.php?rest_route=\/wp\/v2\/pages\/86\/revisions\/1824"}],"up":[{"embeddable":true,"href":"https:\/\/amrumferien-nebel.de\/index.php?rest_route=\/wp\/v2\/pages\/2"}],"wp:attachment":[{"href":"https:\/\/amrumferien-nebel.de\/index.php?rest_route=%2Fwp%2Fv2%2Fmedia&parent=86"}],"curies":[{"name":"wp","href":"https:\/\/api.w.org\/{rel}","templated":true}]}}